{"id":5679,"date":"2019-04-29T15:35:29","date_gmt":"2019-04-29T15:35:29","guid":{"rendered":"http:\/\/aeboaagua.org\/ebiba\/?page_id=5679"},"modified":"2025-03-27T20:35:56","modified_gmt":"2025-03-27T20:35:56","slug":"o-aeba-nos-media","status":"publish","type":"page","link":"https:\/\/aeboaagua.org\/ebiba\/o-aeba-nos-media\/","title":{"rendered":"AEBA nos media"},"content":{"rendered":"<p><a href=\"http:\/\/aeboaagua.org\/ebiba\/wp-content\/uploads\/2019\/05\/massmedia-1.jpeg\"><img loading=\"lazy\" decoding=\"async\" class=\" wp-image-5810 alignright\" src=\"http:\/\/aeboaagua.org\/ebiba\/wp-content\/uploads\/2019\/05\/massmedia-1-300x151.jpeg\" alt=\"\" width=\"352\" height=\"177\" srcset=\"https:\/\/aeboaagua.org\/ebiba\/wp-content\/uploads\/2019\/05\/massmedia-1-300x151.jpeg 300w, https:\/\/aeboaagua.org\/ebiba\/wp-content\/uploads\/2019\/05\/massmedia-1-768x386.jpeg 768w, https:\/\/aeboaagua.org\/ebiba\/wp-content\/uploads\/2019\/05\/massmedia-1.jpeg 997w\" sizes=\"auto, (max-width: 352px) 100vw, 352px\" \/><\/a><\/p>\n<ul>\n<li><a href=\"https:\/\/diariodistrito.sapo.pt\/nuno-mantas-parte-dois-e-fundamental-que-ao-implementar-mudancas-haja-consistencia-e-coerencia-entrevista-ao-diretor-do-agrupamento-de-escolas-da-boa-agua\/?feed_id=40862&amp;_unique_id=6713fb1599c31&amp;fbclid=IwY2xjawGCP2NleHRuA2FlbQIxMQABHV4O6qNqCPMKgHm7nvfr7CpD-9qPfiY5Hj_D_SWz6KyekxBflvfm6_oRYw_aem_e-ilk_caelejQTEhn7hoeA\">Nuno Mantas: &#8220;\u00c9 fundamental que, ao implementar mudan\u00e7as, haja consist\u00eancia e coer\u00eancia&#8221; (entrevista &#8211; 2.\u00aa parte) &#8211; Di\u00e1rio do Distrito &#8211; out. 2024<\/a><\/li>\n<li><a href=\"https:\/\/diariodistrito.sapo.pt\/nuno-mantas-diretor-agrupamento-de-escolas-boa-agua-aprendemos-melhor-quando-interagimos-com-pessoas-que-tem-niveis-de-aprendizagem-semelhantes-aos-nossos\/?feed_id=40868&amp;_unique_id=6712a98a41515&amp;fbclid=IwY2xjawGCP6hleHRuA2FlbQIxMQABHXHFJkmkxBWfE21Evp-4hKtqdefx9uITp1tBCVarE9r4I2FcukxsJIUvtA_aem_azxNfzaJaWwsXvX-8l0u4Q\">Nuno Mantas: &#8220;Aprendemos melhor quando interagimos com pessoas que t\u00eam n\u00edveis de aprendizagem semelhantes aos nossos&#8221; (entrevista &#8211; 1.\u00aa parte) &#8211; Di\u00e1rio do Distrito &#8211; out. 2024<\/a><\/li>\n<li><a href=\"https:\/\/diariodistrito.sapo.pt\/ministerio-da-educacao-atribui-nota-de-excelencia-a-agrupamento-de-escolas-da-boa-agua\/?fbclid=IwY2xjawF_iKJleHRuA2FlbQIxMQABHSWt_WuSgMVV1KAaezcTEVDuBQeLkWBA493Z9QzSTQrncXcseN1WNJfKlQ_aem_mNJ10Hs-Bx_PfqlcbCkgJg\">Minist\u00e9rio da Educa\u00e7\u00e3o atribui nota de Excel\u00eancia ao Agrupamento de Escolas da Boa \u00c1gua &#8211; Di\u00e1rio do Distrito &#8211; set. 2024<\/a><\/li>\n<li><a href=\"https:\/\/www.facebook.com\/aeboaagua\/posts\/pfbid0rzyQy8Yx1tLABPoG1e5hZNpCdZUsJrTf6vd11kLo1oZ9V5FUnnoQUsWYx4iC5Q4Dl\">Agrupamento de Escolas da Boa \u00c1gua recebe Excelente da Inspe\u00e7\u00e3o-Geral da Educa\u00e7\u00e3o &#8211; Setubalense &#8211; set. 2024<\/a><\/li>\n<li><a href=\"https:\/\/www.youtube.com\/watch?v=SK8V9XDN6tE\">Projeto da Qualcomm smart connected classrooms sobre a explora\u00e7\u00e3o dos \u00f3culos VR nas aulas no AE da Boa \u00c1gua &#8211; Youtube<\/a><\/li>\n<li><a href=\"https:\/\/www.publico.pt\/2024\/05\/01\/ciencia\/noticia\/ia-chegou-salas-aula-onde-entra-professor-2088574?fbclid=IwZXh0bgNhZW0CMTAAAR0g32A6ZRK6oqiqcrsUXZIS73djFGiuKv4RKlQ0vENvKJ6mS3MprOTUKYY_aem_AXXKeqj9OgriAoGl8Up29sA7whEeNR416HXVQmJcbhY1HJxzvMtCmawmoseWnjX2Xkbw9JknasyycOFKm_G8CvND\">A IA chegou \u00e0s salas de aula. Onde entra o professor? &#8211; P\u00fablico &#8211; maio 2024<\/a><\/li>\n<li><a href=\"https:\/\/tviplayer.iol.pt\/programa\/jornal-das-8\/53c6b3903004dc006243d0cf\/video\/63e7fc770cf2c84d7fc7828e\" target=\"_blank\" rel=\"noopener\">A Escola do Futuro &#8211; TVI &#8211; fevereiro de 2023<\/a><\/li>\n<li><a href=\"https:\/\/www.youtube.com\/watch?v=vFvH92oSgiA\">Workshop 2 &#8211; &#8220;Aprendizagem ativa&#8221; (Diretor Nuno Mantas, AE da Boa \u00c1gua) &#8211; ERTE DGE &#8211; nov. 2022 <\/a><\/li>\n<li><a href=\"https:\/\/www.youtube.com\/watch?v=lYO4SBS_m9E\">Workshop 2 &#8211; &#8220;Aprendizagem ativa&#8221; (Prof. Cristiana Oliveira, AE da Boa \u00c1gua) &#8211; ERTE DGE &#8211; nov. 2022<\/a><\/li>\n<li><a href=\"https:\/\/www.youtube.com\/watch?v=n3oDzUyrKnE\">Workshop 2 &#8211; &#8220;Aprendizagem ativa&#8221; (Profs. F\u00e1tima Nave e Cristiana Oliveira, AE da Boa \u00c1gua) &#8211; ERTE DGE &#8211; nov. 2022<\/a><\/li>\n<li><a href=\"https:\/\/www.youtube.com\/watch?v=9dL1b8r7kxI\">Projeto Piloto de Manuais Digitais &#8211; AE da Boa \u00c1gua &#8211; Partilha de pr\u00e1ticas &#8211; ERTE DGE &#8211; set. 2022<\/a><\/li>\n<li><a href=\"https:\/\/tek.sapo.pt\/noticias\/computadores\/artigos\/tecnologia-trouxe-novos-modelos-de-aprendizagem-para-escolas-publicas-e-privadas\">Tecnologia trouxe novos modelos de aprendizagem para as escolas p\u00fablicas e privadas &#8211; Sapo Not\u00edcias &#8211; set. 2022<\/a><\/li>\n<li><a href=\"https:\/\/osetubalense.com\/ultimas\/2022\/01\/31\/ensino-diferenciado-comeca-a-dar-frutos-na-escola-da-boa-agua-em-sesimbra\/?fbclid=IwAR1BhtL-l4WFUkY0xQPDYfHXNEV38BPWOWK7fzdp3e2PF9tnsnQt-htudZg\">Ensino diferenciado come\u00e7a a \u2018dar frutos\u2019 na Escola da Boa \u00c1gua em Sesimbra &#8211; Setubalense &#8211; jan. 2022<\/a><\/li>\n<li><a href=\"http:\/\/projectos.ese.ips.pt\/cctic\/?p=4776&amp;fbclid=IwAR0v8AdGzJFuEcS0zOOvIFEJG9b16lzAFCd711CbpnUDvWpddln-b77uwDs\">Do computador \u00e0 sala de aula &#8211; Escola Superior de Educa\u00e7\u00e3o de Set\u00fabal &#8211; Instituto Polit\u00e9cnico de Set\u00fabal, jun. 2021<\/a><\/li>\n<li><a href=\"https:\/\/aeboaagua.org\/ebiba\/wp-content\/uploads\/2021\/01\/artigo_Setubalense.pdf\">Modelo de ensino pela comunica\u00e7\u00e3o &#8211; Inova\u00e7\u00e3o e tecnologia marcam aulas na Escola da Boa \u00c1gua &#8211; Setubalense &#8211; jan. 2021<\/a><\/li>\n<li><a href=\"https:\/\/www.noticiasmagazine.pt\/2020\/tpc-sim-nao-ou-talvez\/estilos\/comportamento\/\">TPC. Sim, n\u00e3o ou talvez? &#8211; Not\u00edcias Magazine &#8211; dez. 2020<\/a><\/li>\n<li><a href=\"https:\/\/www.facebook.com\/aeboaagua\/photos\/pcb.3604055566303871\/3604049816304446\/\">Com a pandemia, o telem\u00f3vel veio para ficar? Na Escola da Boa \u00c1gua faz as vezes do manual &#8211; P\u00fablico, nov. 2020<\/a><\/li>\n<li><a href=\"https:\/\/www.rtp.pt\/play\/zigzag\/p6874\/e504718\/movimento-gentil-desafio-escolas-3\">Includ-Ed: a\u00e7\u00f5es educativas de sucesso &#8211; RTP2, nov. 2020<\/a><\/li>\n<li><a href=\"https:\/\/www.youtube.com\/watch?v=E4RNQGqxJCg\">Slow down project|Interview|Nuno Mantas|Director of AE Boa \u00c1gua &#8211; Quinta do Conde &#8211; Portugal &#8211;\u00a0 Youtube mai.202o<\/a><\/li>\n<li><a href=\"https:\/\/ionline.sapo.pt\/artigo\/405026\/dois-barcos-a-remar-para-o-mesmo-lado?seccao=Portugal&amp;fbclid=IwAR0px5hCPeMfyulnXotZMNbFkd7SBrGAhVF7JrytDcsQ1whnJtQCC8Un1VA\">Dois barcos a remar para o mesmo lado &#8211; IOnline, jan. 20<\/a><\/li>\n<li><a href=\"https:\/\/rr.sapo.pt\/2019\/11\/26\/pais\/manuais-digitais-no-ensino-o-dificil-caminho-ate-as-escolas\/noticia\/173000\/\">Manuais digitais no ensino. O dif\u00edcil caminho at\u00e9 \u00e0s escolas &#8211; RR, nov. 2019<\/a><\/li>\n<li><a href=\"https:\/\/rr.sapo.pt\/2019\/11\/26\/pais\/sem-disciplinas-e-sem-indisciplina-o-exemplo-das-escolas-da-boa-agua\/noticia\/173002\/\">Sem disciplinas e sem indisciplina. O exemplo das escolas da Boa \u00c1gua &#8211; RR, nov. 2019<\/a><\/li>\n<li><a href=\"https:\/\/sicnoticias.pt\/programas\/expressodameianoite\/2019-11-18-Reducao-dos-chumbos-escolares\">Chumbar ou n\u00e3o chumbar &#8211; SIC Not\u00edcias, nov. 2019<\/a><\/li>\n<li><a href=\"https:\/\/www.rtp.pt\/noticias\/pais\/experiencia-pedagogica-bem-sucedida-numa-escola-de-azeitao_v1186119?fbclid=IwAR1mQ-lh3fjkt79qbkNaVITT0KSrLI8-DOxzpMib8W8HjrbsinmBgVCGbgQ\">AEBA &#8211; Experi\u00eancia pedag\u00f3gica bem sucedida &#8211; RTP, nov. 2019<\/a><\/li>\n<li><a href=\"https:\/\/rr.sapo.pt\/2017\/09\/08\/renascenca-reportagem\/estas-escolas-fogem-ao-modelo-classico-e-ensinam-com-sucesso\/artigo\/86715\/\">Estas escolas fogem ao modelo cl\u00e1ssico e ensinam com sucesso<\/a><\/li>\n<li><a style=\"font-size: 0.95em;\" href=\"https:\/\/www.noticiasmagazine.pt\/2019\/revolucao-em-curso-seis-escolas-que-estao-a-ganhar-na-criatividade\/?fbclid=IwAR0LyIWlkpZLC54abCS7gSMGzk0IkE-eebBp3pYWxCgskIBmHn3QegT63yk\">Not\u00edcias Magazine &#8211; Jornal de Not\u00edcias, jan. 2019<\/a><\/li>\n<li><a href=\"https:\/\/webinars.dge.mec.pt\/webinar\/avaliar-competencias-o-exemplo-da-boa-agua?fbclid=IwAR1HGg1ISgzOeX73lpZ8xjUPkKWQf_WDJNXbWOhr_ErxCQ-uAXc7AhCETr8\">Avaliar compet\u00eancias: o exemplo da Boa \u00c1gua &#8211; mar. 2018<\/a><\/li>\n<li><a style=\"font-size: 0.95em;\" href=\"http:\/\/www.ceied.ulusofona.pt\/pt\/visita-de-estudo-ao-agrupamento-de-escolas-da-boa-agua\/\">CeiEd &#8211; Universidade Lus\u00f3fona &#8211; 2019<\/a><\/li>\n<li><a href=\"http:\/\/www.ceied.ulusofona.pt\/pt\/visita-ao-agrupamento-de-escolas-da-boa-agua\/\">Visita ao AEBA_ CEIEd, 2019<\/a><\/li>\n<li><a style=\"font-size: 0.95em;\" href=\"http:\/\/www.jf-castelo.pt\/atualidade\/multimedia\/fotogalerias\/1422\/orquestra-gera-o-da-boa-gua-encerra-ciclo-de-concertos-da-freguesia.html\">Orquestra Gera\u00e7\u00e3o da Boa \u00c1gua encanta &#8211; jan 2019<\/a><\/li>\n<li><a style=\"font-size: 0.95em;\" href=\"https:\/\/www.facebook.com\/pg\/dgeste\/photos\/?tab=album&amp;album_id=2264211043835786&amp;__xts__%5B0%5D=68.ARBLO5py-Z0B4HU6RQ85jEiKkuvDgEgHEf44CmreylV80AowBiMfoAZxCFRUkKrRAiZ1_J1AEX758lBoVR6rg7_3djSliyWXqqVn_o_FQDBkQk6DMG4vlVpv5J4vTwes5SFoVNza7ko7jd049jbH-Yi5UJIGmKf1BYFVJ2fg5riR60G6nt5IcY1m4K44VgvfVgj01_ASou5rO7Dh59BXn3GJU92bXzTQkOn0zvYl2nj0DPet8_u8hcms6LHW3Esw0vAClfJWvxpvwPjmsg4soZESjpeoUnMcy5TNAC3qhsRVFuPTPW9Iwz--KDCBIAg8hQPaRKvajRPu-lfQJ6Ok_8xar6XLV-yoP5b5lvHsBIFbOr61dHDA-TpoIHCcWyHbRjWXIeZSpuhragrGJQPmQ0khIOKUb6Zb-dYANzQgorMRZ9-VNS50GrkEm25azue9xjtCswYI1TcqAxDpNZSinPsyVRqCujQH8tisLLLuE53b8Mm-GPBC4Kq4V9bAzjSn0jeeJdWYNHE7Tj1bXWE6fwcvsW1gPIhg2LxzuKMcdrJF1dV30w&amp;__tn__=-UC-R\">Presen\u00e7a no Carnaval na Dire\u00e7\u00e3o-Geral dos Estabelecimentos Escolares (DGEstE) 2019<\/a><\/li>\n<li><a style=\"font-size: 0.95em;\" href=\"https:\/\/www.youtube.com\/watch?v=fO-U70lmNyA\">Presen\u00e7a no desfile de Carnaval das escolas da Quinta do Conde 2019<\/a><\/li>\n<li><a href=\"http:\/\/aspl.webhs.pt\/article\/ii-semin%C3%A1rio-educa%C3%A7%C3%A3o-e-cidadania-no-s%C3%A9c-xxi-10-e-11-maio\">Semin\u00e1rio Educa\u00e7\u00e3o e Cidadania no s\u00e9c. XXI &#8211; 2019<\/a><\/li>\n<li><a href=\"https:\/\/www.jornalterrasdesico.pt\/noticia\/actualidade\/condeixa-alunos-e-professores-debatem-desafios-do-futuro-no-museu-po-ro-s\/\">Alunos e professores debatem desafios do futuro &#8211; 2019<\/a><\/li>\n<\/ul>\n<ul>\n<li><a href=\"http:\/\/aeboaagua.org\/ebiba\/ppip\/\">Youtube<\/a><\/li>\n<\/ul>\n\n\n<hr class=\"wp-block-separator has-alpha-channel-opacity\"\/>\n\n\n\n<h2 class=\"wp-block-heading\">Canal TV da Boa \u00c1gua<\/h2>\n\n\n\n<div class=\"wp-block-media-text is-stacked-on-mobile\" style=\"grid-template-columns:41% auto\"><figure class=\"wp-block-media-text__media\"><a href=\"https:\/\/www.youtube.com\/@CanalTVAEBoaAgua\" target=\"_blank\" rel=\" noreferrer noopener\"><img loading=\"lazy\" decoding=\"async\" width=\"297\" height=\"300\" src=\"https:\/\/aeboaagua.org\/ebiba\/wp-content\/uploads\/2025\/03\/LOGO_Canal-TV_AEBA_white-297x300.png\" alt=\"\" class=\"wp-image-9039 size-medium\" srcset=\"https:\/\/aeboaagua.org\/ebiba\/wp-content\/uploads\/2025\/03\/LOGO_Canal-TV_AEBA_white-297x300.png 297w, https:\/\/aeboaagua.org\/ebiba\/wp-content\/uploads\/2025\/03\/LOGO_Canal-TV_AEBA_white-90x90.png 90w, https:\/\/aeboaagua.org\/ebiba\/wp-content\/uploads\/2025\/03\/LOGO_Canal-TV_AEBA_white-75x75.png 75w, https:\/\/aeboaagua.org\/ebiba\/wp-content\/uploads\/2025\/03\/LOGO_Canal-TV_AEBA_white.png 600w\" sizes=\"auto, (max-width: 297px) 100vw, 297px\" \/><\/a><\/figure><div class=\"wp-block-media-text__content\">\n<p>Ol\u00e1! Bem-vindos ao <a href=\"https:\/\/www.youtube.com\/@CanalTVAEBoaAgua\" target=\"_blank\" rel=\"noreferrer noopener\">canal do YouTube do Agrupamento de Escolas da Boa \u00c1gua<\/a>. Aqui, mostramos as nossas atividades, projetos e eventos. Acompanhem o dia a dia da nossa comunidade escolar, o talento dos nossos alunos e o trabalho da equipa educativa. Este canal \u00e9 uma janela para a nossa escola, com v\u00eddeos inspiradores, entrevistas e reportagens. Queremos que se sintam parte da nossa fam\u00edlia e que acompanhem o nosso crescimento. <a href=\"https:\/\/www.youtube.com\/@CanalTVAEBoaAgua\" target=\"_blank\" rel=\"noreferrer noopener\">Subscrevam o canal<\/a>, ativem as notifica\u00e7\u00f5es e fiquem a par de tudo! Juntos, constru\u00edmos uma comunidade mais forte.<\/p>\n<\/div><\/div>\n\n\n\n<p>Alguns v\u00eddeos e <em>Playlists<\/em> de alguns momentos desenvolvidos e apresentados pelo Agrupamento ao longo do tempo.<\/p>\n\n\n\n<h3 class=\"wp-block-heading\"><a href=\"https:\/\/www.youtube.com\/@CanalTVAEBoaAgua\/playlists?view=1&amp;sort=dd&amp;shelf_id=3\" target=\"_blank\" rel=\"noreferrer noopener\"><strong>Playlists<\/strong><\/a><\/h3>\n\n\n\n<figure class=\"wp-block-embed is-type-video is-provider-youtube wp-block-embed-youtube wp-embed-aspect-16-9 wp-has-aspect-ratio\"><div class=\"wp-block-embed__wrapper\">\n<iframe loading=\"lazy\" title=\"Conferencia Act4Wbeing na Boa \u00c1gua (24 jan 25)\" width=\"860\" height=\"484\" src=\"https:\/\/www.youtube.com\/embed\/H4cEOZEjNhI?list=PLmLBCug6m1CGpy2eLMZMF4lYNeXfoJJvV\" frameborder=\"0\" allow=\"accelerometer; autoplay; clipboard-write; encrypted-media; gyroscope; picture-in-picture; web-share\" referrerpolicy=\"strict-origin-when-cross-origin\" allowfullscreen><\/iframe>\n<\/div><\/figure>\n\n\n\n<figure class=\"wp-block-embed is-type-video is-provider-youtube wp-block-embed-youtube wp-embed-aspect-16-9 wp-has-aspect-ratio\"><div class=\"wp-block-embed__wrapper\">\n<iframe loading=\"lazy\" title=\"Espet\u00e1culo o Dia do Agrupamento (19mar25)\" width=\"860\" height=\"484\" src=\"https:\/\/www.youtube.com\/embed\/tIzTk-Pw5H8?list=PLmLBCug6m1CFme7fabUHi1I_z6PHPu5xp\" frameborder=\"0\" allow=\"accelerometer; autoplay; clipboard-write; encrypted-media; gyroscope; picture-in-picture; web-share\" referrerpolicy=\"strict-origin-when-cross-origin\" allowfullscreen><\/iframe>\n<\/div><\/figure>\n\n\n\n<figure class=\"wp-block-embed is-type-video is-provider-youtube wp-block-embed-youtube wp-embed-aspect-16-9 wp-has-aspect-ratio\"><div class=\"wp-block-embed__wrapper\">\n<iframe loading=\"lazy\" title=\"Apresenta\u00e7\u00e3o PNA PCE do AE Boa Agua 13fev25\" width=\"860\" height=\"484\" src=\"https:\/\/www.youtube.com\/embed\/j67d4hsd6NM?list=PLmLBCug6m1CHDuS2sO9aJfAmov0q3Sc-h\" frameborder=\"0\" allow=\"accelerometer; autoplay; clipboard-write; encrypted-media; gyroscope; picture-in-picture; web-share\" referrerpolicy=\"strict-origin-when-cross-origin\" allowfullscreen><\/iframe>\n<\/div><\/figure>\n\n\n\n<p>Agrupamento de Escolas da Boa \u00c1gua: Educar para o futuro, inspirar para a vida!<\/p>\n\n\n\n<p><\/p>\n","protected":false},"excerpt":{"rendered":"<p>Nuno Mantas: &#8220;\u00c9 fundamental que, ao implementar mudan\u00e7as, haja consist\u00eancia e coer\u00eancia&#8221; (entrevista &#8211; 2.\u00aa parte) &#8211; Di\u00e1rio do Distrito &#8211; out. 2024 Nuno Mantas: &#8220;Aprendemos melhor quando interagimos com pessoas que t\u00eam n\u00edveis de aprendizagem semelhantes aos nossos&#8221; (entrevista &#8211; 1.\u00aa parte) &#8211; Di\u00e1rio do Distrito &#8211; out. 2024 Minist\u00e9rio da Educa\u00e7\u00e3o atribui nota de Excel\u00eancia ao Agrupamento de<\/p>\n","protected":false},"author":9,"featured_media":0,"parent":0,"menu_order":5,"comment_status":"closed","ping_status":"closed","template":"","meta":{"footnotes":""},"class_list":["post-5679","page","type-page","status-publish","hentry"],"_links":{"self":[{"href":"https:\/\/aeboaagua.org\/ebiba\/wp-json\/wp\/v2\/pages\/5679","targetHints":{"allow":["GET"]}}],"collection":[{"href":"https:\/\/aeboaagua.org\/ebiba\/wp-json\/wp\/v2\/pages"}],"about":[{"href":"https:\/\/aeboaagua.org\/ebiba\/wp-json\/wp\/v2\/types\/page"}],"author":[{"embeddable":true,"href":"https:\/\/aeboaagua.org\/ebiba\/wp-json\/wp\/v2\/users\/9"}],"replies":[{"embeddable":true,"href":"https:\/\/aeboaagua.org\/ebiba\/wp-json\/wp\/v2\/comments?post=5679"}],"version-history":[{"count":72,"href":"https:\/\/aeboaagua.org\/ebiba\/wp-json\/wp\/v2\/pages\/5679\/revisions"}],"predecessor-version":[{"id":9049,"href":"https:\/\/aeboaagua.org\/ebiba\/wp-json\/wp\/v2\/pages\/5679\/revisions\/9049"}],"wp:attachment":[{"href":"https:\/\/aeboaagua.org\/ebiba\/wp-json\/wp\/v2\/media?parent=5679"}],"curies":[{"name":"wp","href":"https:\/\/api.w.org\/{rel}","templated":true}]}}