{"id":61,"date":"2025-11-21T19:53:10","date_gmt":"2025-11-21T19:53:10","guid":{"rendered":"https:\/\/aeboaagua.org\/PNAPCE-BoaAgua\/home\/"},"modified":"2026-04-24T23:01:39","modified_gmt":"2026-04-24T23:01:39","slug":"home","status":"publish","type":"page","link":"https:\/\/aeboaagua.org\/PNAPCE-BoaAgua\/","title":{"rendered":"Home"},"content":{"rendered":"\n\n\n\n\n<h2>Destaques do PCE<\/h2>\n\n\n\n\n\n<p>Explore as caracter\u00edsticas \u00fanicas dos nossos projetos e descubra como eles enriquecem a vida escolar e cultural.<\/p>\n\n\n\n<p>Focamos no crescimento pessoal e social dos alunos atrav\u00e9s da arte.<\/p>\n\n\n\n\n\n\n\n\n\n\n\n\n\n<h2><strong><a href=\"https:\/\/aeboaagua.org\/PNAPCE-BoaAgua\/2026\/04\/24\/o-labirinto-da-liberdade-desenhando-ruas-invisiveis-na-boa-agua\/\" data-type=\"link\" data-id=\"https:\/\/aeboaagua.org\/PNAPCE-BoaAgua\/2026\/04\/24\/o-labirinto-da-liberdade-desenhando-ruas-invisiveis-na-boa-agua\/\">O Labirinto da Liberdade: Desenhando Ruas (In)vis\u00edveis na Boa \u00c1gua<\/a><\/strong><\/h2>\n\n\n\n<p>&#8220;Neste 25 de abril, quando celebramos a palavra &#8220;Liberdade&#8221; como um compromisso hist\u00f3rico com a consci\u00eancia e a justi\u00e7a, o Agrupamento de Escolas da Boa \u00c1gua oficializa o seu lugar no ecossistema das artes e dos afetos. O nosso Plano Cultural de Escola (PCE), &#8220;Ruas (In)vis\u00edveis: artes, lusofonias e palcos&#8221;, n\u00e3o se pretende um cat\u00e1logo de eventos, mas uma arquitetura de encontros que procura, acima de tudo, <em>indestinar<\/em> a vida de quem por aqui passa.&#8221; (&#8230;)<\/p>\n\n\n\n<p><a href=\"https:\/\/aeboaagua.org\/PNAPCE-BoaAgua\/2026\/04\/24\/o-labirinto-da-liberdade-desenhando-ruas-invisiveis-na-boa-agua\/\" data-type=\"link\" data-id=\"https:\/\/aeboaagua.org\/PNAPCE-BoaAgua\/2026\/04\/24\/o-labirinto-da-liberdade-desenhando-ruas-invisiveis-na-boa-agua\/\">Ver toda publica\u00e7\u00e3o.<\/a><\/p>\n\n\n\n\n\n\n\n\n\n\n\n\n\n\n\n<h2>O nosso podcast \u201cLibert\u2019Arte\u201d<\/h2>\n\n\n\n\n\n<p><br><br>Conversas indisciplinares sobre arte, educa\u00e7\u00e3o e cidadania<br><br>Manifesto para uma Escuta Indisciplinar<br><br>Onde termina a escola e come\u00e7a a vida? Onde acaba o museu e nasce a cidadania? No Libert\u2019Arte, as fronteiras n\u00e3o existem para separar, mas para serem atravessadas.<br>Este n\u00e3o \u00e9 apenas um podcast; \u00e9 um espa\u00e7o de desobedi\u00eancia criativa. Inspirados pelo compromisso do Plano Nacional das Artes, acreditamos que a arte n\u00e3o \u00e9 um acess\u00f3rio, mas um direito fundamental \u2014 a ferramenta essencial para ler o mundo e para o reescrever.<\/p>\n\n\n\n<p>Oi\u00e7a o nosso podcast!<br><br>Equipa PNA-PCE<\/p>\n\n\n\n\n\n\n\n<h2>as nossas publica\u00e7\u00f5es<\/h2>\n\n\n\n\n\n<p>Informa-te das nossas novidades e publica\u00e7\u00f5es.<br>O nosso espa\u00e7o <strong><em>&#8220;blog&#8221;<\/em><\/strong>, com eventos, reportagens, atividades e muito mais.<br>Explora e conhece melhor a nossa a\u00e7\u00e3o no Agrupamento de Escolas da Boa \u00c1gua.<\/p>\n\n\n\n<p>Relembramos que focamos no crescimento pessoal e social dos alunos atrav\u00e9s da arte.<\/p>\n\n\n\n\n\n\nBalan\u00e7o do primeiro ano do Plano Nacional das Artes\n\n\n\nExplorando a Criatividade\n\n\n\n\n\n\n\n\n\n\n\n\n\n\n\n\n\n\n<h2>Sobre N\u00f3s<\/h2>\n\n\n\n\n\n\n\n\n\n\n\n<p>1988<\/p>\n\n\n\n\n\n<h2>A import\u00e2ncia da arte na educa\u00e7\u00e3o<\/h2>\n\n\n\n\n\n<p>No PNA- PCE da Boa \u00c1gua, acreditamos no poder da arte para transformar vidas e construir uma sociedade mais justa e criativa.<\/p>\n\n\n\n<p>Acreditamos que a diversidade \u00e9 uma for\u00e7a e deve ser valorizada em todos os nossos projetos.<\/p>\n\n\n\n<p>A arte ajuda os alunos a desenvolverem habilidades essenciais para o futuro.<br><br><\/p>\n\n\n\n\n\n\n\n\n\n\n\n\n\n\n\n\n\n\n\n\n\n\n\n\n\n\n\n\n\n\n\n\n\n\n\n<h2>Nossos Projetos<\/h2>\n\n\n\n\n\n\n\n<p>Oferecemos atividades de educa\u00e7\u00e3o art\u00edstica que estimulam a criatividade e o pensamento cr\u00edtico entre os alunos.<\/p>\n\n\n\n\n\n<p>Um espa\u00e7o dedicado \u00e0 leitura e \u00e0 express\u00e3o liter\u00e1ria, promovendo o amor pelos livros e a escrita.<\/p>\n\n\n\n\n\n<p>Desenvolvemos oficinas de teatro que incentivam a autoexpress\u00e3o e o trabalho em equipe de forma divertida e impactante.<\/p>\n\n\n\n\n\n<p>Oferecemos um espa\u00e7o para a pr\u00e1tica musical, promovendo o aprendizado e a aprecia\u00e7\u00e3o de diferentes estilos musicais.<\/p>\n\n\n\n\n\n<p>Criamos oportunidades de interc\u00e2mbio cultural, permitindo que nossos alunos explorem e compartilhem experi\u00eancias com outras comunidades.<\/p>\n\n\n\n\n\n<p>Realizamos eventos que integram a comunidade escolar com a local, fortalecendo la\u00e7os e promovendo a cultura coletiva.<\/p>\n\n\n\n\n\n<p>Projetos que conectam arte e natureza, proporcionando experi\u00eancias \u00fanicas de aprendizado e descoberta.<\/p>\n\n\n\n\n\n<p>Promovemos a inclus\u00e3o social atrav\u00e9s da arte, oferecendo espa\u00e7o e oportunidades para todos os alunos.<\/p>\n\n\n\n\n\n\n\n\n\n<h2>Nossos Projetos<\/h2>\n\n\n\n\n\n\n\n<h2>Educa\u00e7\u00e3o Art\u00edstica<\/h2>\n\n\n\n\n\n<h2>Eventos Culturais<\/h2>\n\n\n\n\n\n<h2>Oficinas de M\u00fasica<\/h2>\n\n\n\n\n\n<h2>Interc\u00e2mbio Cultural<\/h2>\n\n\n\n\n\n<h2>Visitas de Autor<\/h2>\n\n\n\n\n\n<h2>Projetos de Teatro<\/h2>\n\n\n\n\n\n\n\n\n\n\n\n\n\n<h2>Participe do nosso Projeto<\/h2>\n\n\n\n<h4>Junte-se a N\u00f3s<\/h4>\n\n\n\n\n\nVenha descobrir como podemos transformar juntos a educa\u00e7\u00e3o atrav\u00e9s da arte.\n\n\n\n\n\n\n\n\n\n<h2>Formul\u00e1rio de Contato<\/h2>\n\n\n\n\n\n\n\n\n\n\n\n\n\n\n\n\n\n\n\n\n\n\n\n\n\n<h2>Entre em Contato<\/h2>\n\n\n\n\n\n\n\n\n\n\n\n\n\n\n\n\n\n\n\n\n\n\n\n\n\n\n\n<h2>Entre em Contato<\/h2>\n\n\n\n\n\n<p>Preencha o formul\u00e1rio abaixo para entrar em contato conosco.<\/p>\n\n\n\n\n\n\n\n\n\n\n\n\n\n\n\n\n\n\n\n\n\n\n\n\n\n\n\nNew York, New York, USA\n\n\n\n\n","protected":false},"excerpt":{"rendered":"","protected":false},"author":1,"featured_media":0,"parent":0,"menu_order":0,"comment_status":"closed","ping_status":"closed","template":"","meta":{"pagelayer_contact_templates":[],"_pagelayer_content":"","footnotes":""},"class_list":["post-61","page","type-page","status-publish","hentry"],"_links":{"self":[{"href":"https:\/\/aeboaagua.org\/PNAPCE-BoaAgua\/wp-json\/wp\/v2\/pages\/61","targetHints":{"allow":["GET"]}}],"collection":[{"href":"https:\/\/aeboaagua.org\/PNAPCE-BoaAgua\/wp-json\/wp\/v2\/pages"}],"about":[{"href":"https:\/\/aeboaagua.org\/PNAPCE-BoaAgua\/wp-json\/wp\/v2\/types\/page"}],"author":[{"embeddable":true,"href":"https:\/\/aeboaagua.org\/PNAPCE-BoaAgua\/wp-json\/wp\/v2\/users\/1"}],"replies":[{"embeddable":true,"href":"https:\/\/aeboaagua.org\/PNAPCE-BoaAgua\/wp-json\/wp\/v2\/comments?post=61"}],"version-history":[{"count":20,"href":"https:\/\/aeboaagua.org\/PNAPCE-BoaAgua\/wp-json\/wp\/v2\/pages\/61\/revisions"}],"predecessor-version":[{"id":157,"href":"https:\/\/aeboaagua.org\/PNAPCE-BoaAgua\/wp-json\/wp\/v2\/pages\/61\/revisions\/157"}],"wp:attachment":[{"href":"https:\/\/aeboaagua.org\/PNAPCE-BoaAgua\/wp-json\/wp\/v2\/media?parent=61"}],"curies":[{"name":"wp","href":"https:\/\/api.w.org\/{rel}","templated":true}]}}